{"id":709,"date":"2017-04-27T08:43:59","date_gmt":"2017-04-27T08:43:59","guid":{"rendered":"http:\/\/www.dmasesores.com\/casos-de-exito\/"},"modified":"2026-03-29T16:15:15","modified_gmt":"2026-03-29T16:15:15","slug":"casos-dexit","status":"publish","type":"page","link":"https:\/\/www.dmasesores.com\/ca\/casos-dexit\/","title":{"rendered":"Casos d&#8217;\u00c8xit"},"content":{"rendered":"<p>[et_pb_section fb_built=&#8221;1&#8243; admin_label=&#8221;section&#8221; _builder_version=&#8221;4.16&#8243; background_color=&#8221;#c60000&#8243; custom_padding=&#8221;0px||0px|&#8221; transparent_background=&#8221;off&#8221; make_fullwidth=&#8221;off&#8221; use_custom_width=&#8221;off&#8221; width_unit=&#8221;on&#8221; global_colors_info=&#8221;{}&#8221;][et_pb_row admin_label=&#8221;row&#8221; _builder_version=&#8221;4.22.1&#8243; background_size=&#8221;initial&#8221; background_position=&#8221;top_left&#8221; background_repeat=&#8221;repeat&#8221; custom_padding=&#8221;10px||10px|&#8221; hover_enabled=&#8221;0&#8243; make_fullwidth=&#8221;off&#8221; use_custom_width=&#8221;off&#8221; width_unit=&#8221;on&#8221; global_colors_info=&#8221;{}&#8221; column_structure=&#8221;1_2,1_2&#8243; sticky_enabled=&#8221;0&#8243;][et_pb_column type=&#8221;1_2&#8243; _builder_version=&#8221;4.16&#8243; custom_padding=&#8221;|||&#8221; global_colors_info=&#8221;{}&#8221; custom_padding__hover=&#8221;|||&#8221;][et_pb_text admin_label=&#8221;Texto&#8221; _builder_version=&#8221;4.22.1&#8243; background_size=&#8221;initial&#8221; background_position=&#8221;top_left&#8221; background_repeat=&#8221;repeat&#8221; background_layout=&#8221;dark&#8221; hover_enabled=&#8221;0&#8243; use_border_color=&#8221;off&#8221; border_color=&#8221;#ffffff&#8221; border_style=&#8221;solid&#8221; global_colors_info=&#8221;{}&#8221; sticky_enabled=&#8221;0&#8243;]<\/p>\n<p>Avinguda Diagonal, 601, 8\u00aa Planta, 08028, Barcelona<\/p>\n<p>[\/et_pb_text][\/et_pb_column][et_pb_column type=&#8221;1_2&#8243; _builder_version=&#8221;4.16&#8243; custom_padding=&#8221;|||&#8221; global_colors_info=&#8221;{}&#8221; custom_padding__hover=&#8221;|||&#8221;][et_pb_text admin_label=&#8221;Texto&#8221; _builder_version=&#8221;4.22.1&#8243; header_font_size=&#8221;50&#8243; background_size=&#8221;initial&#8221; background_position=&#8221;top_left&#8221; background_repeat=&#8221;repeat&#8221; text_orientation=&#8221;right&#8221; background_layout=&#8221;dark&#8221; hover_enabled=&#8221;0&#8243; use_border_color=&#8221;off&#8221; border_color=&#8221;#ffffff&#8221; border_style=&#8221;solid&#8221; global_colors_info=&#8221;{}&#8221; sticky_enabled=&#8221;0&#8243;]<\/p>\n<p><a href=\"mailto:info@dmasesores.com\" target=\"_blank\" rel=\"noopener noreferrer\"><span style=\"color: white;\"><u>info@dmasesores.com<\/u><\/span><\/a> | Tel. <strong>+34 646.483.187<\/strong><\/p>\n<p>[\/et_pb_text][\/et_pb_column][\/et_pb_row][\/et_pb_section][et_pb_section fb_built=&#8221;1&#8243; fullwidth=&#8221;on&#8221; admin_label=&#8221;Secci\u00f3n&#8221; _builder_version=&#8221;4.16&#8243; global_colors_info=&#8221;{}&#8221;][et_pb_fullwidth_image src=&#8221;http:\/\/dmasesores.com\/wp-content\/uploads\/2017\/04\/casos_exito.png&#8221; disabled_on=&#8221;on||&#8221; admin_label=&#8221;Imagen de anchura completa&#8221; _builder_version=&#8221;4.22.1&#8243; hover_enabled=&#8221;0&#8243; use_border_color=&#8221;off&#8221; border_color=&#8221;#ffffff&#8221; border_style=&#8221;solid&#8221; animation=&#8221;off&#8221; global_colors_info=&#8221;{}&#8221; sticky_enabled=&#8221;0&#8243;][\/et_pb_fullwidth_image][\/et_pb_section][et_pb_section fb_built=&#8221;1&#8243; admin_label=&#8221;Secci\u00f3n&#8221; _builder_version=&#8221;4.16&#8243; global_colors_info=&#8221;{}&#8221;][et_pb_row admin_label=&#8221;Fila&#8221; _builder_version=&#8221;4.16&#8243; background_size=&#8221;initial&#8221; background_position=&#8221;top_left&#8221; background_repeat=&#8221;repeat&#8221; custom_padding=&#8221;||0px|&#8221; make_fullwidth=&#8221;off&#8221; use_custom_width=&#8221;off&#8221; width_unit=&#8221;on&#8221; global_colors_info=&#8221;{}&#8221;][et_pb_column type=&#8221;4_4&#8243; _builder_version=&#8221;4.16&#8243; custom_padding=&#8221;|||&#8221; global_colors_info=&#8221;{}&#8221; custom_padding__hover=&#8221;|||&#8221;][et_pb_text admin_label=&#8221;Texto&#8221; _builder_version=&#8221;4.16&#8243; background_size=&#8221;initial&#8221; background_position=&#8221;top_left&#8221; background_repeat=&#8221;repeat&#8221; text_orientation=&#8221;justified&#8221; custom_margin=&#8221;||-30px|&#8221; custom_padding=&#8221;||0px|&#8221; use_border_color=&#8221;off&#8221; border_color=&#8221;#ffffff&#8221; border_style=&#8221;solid&#8221; global_colors_info=&#8221;{}&#8221;]<\/p>\n<h1 class=\"title\" style=\"text-align: left;\"><span style=\"color: #c60000;\">CASOS D&#8217;\u00c8XIT<\/span><\/h1>\n<h1 style=\"text-align: left;\"><span style=\"color: #c60000;\"><strong><br \/>\n<\/strong><\/span><\/h1>\n<p>[\/et_pb_text][\/et_pb_column][\/et_pb_row][et_pb_row use_custom_gutter=&#8221;on&#8221; gutter_width=&#8221;2&#8243; admin_label=&#8221;Fila&#8221; _builder_version=&#8221;4.16&#8243; background_size=&#8221;initial&#8221; background_position=&#8221;top_left&#8221; background_repeat=&#8221;repeat&#8221; custom_padding=&#8221;0px|||&#8221; make_fullwidth=&#8221;off&#8221; use_custom_width=&#8221;off&#8221; width_unit=&#8221;on&#8221; global_colors_info=&#8221;{}&#8221; column_structure=&#8221;1_2,1_2&#8243;][et_pb_column type=&#8221;1_2&#8243; _builder_version=&#8221;4.16&#8243; custom_padding=&#8221;|||&#8221; global_colors_info=&#8221;{}&#8221; custom_padding__hover=&#8221;|||&#8221;][et_pb_team_member name=&#8221;Cristina Aguil\u00e0 Usart&#8221; admin_label=&#8221;Persona&#8221; _builder_version=&#8221;4.16&#8243; header_text_color=&#8221;#c60000&#8243; header_line_height=&#8221;2.6em&#8221; background_size=&#8221;initial&#8221; background_position=&#8221;top_left&#8221; background_repeat=&#8221;repeat&#8221; custom_padding=&#8221;20px|20px|20px|20px&#8221; use_border_color=&#8221;off&#8221; border_color=&#8221;#b5b5b5&#8243; border_style=&#8221;solid&#8221; global_colors_info=&#8221;{}&#8221;]<img loading=\"lazy\" decoding=\"async\" class=\"size-full wp-image-556 alignleft\" src=\"http:\/\/dmasesores.com\/wp-content\/uploads\/2017\/04\/clip_image002.jpg\" alt=\"\" width=\"71\" height=\"91\" \/>En mig d\u2019una crisi econ\u00f2mica desbocada, em vaig quedar sense feina. He passat un per\u00edode desorientada i una situaci\u00f3 d\u2019incertesa cada dia m\u00e9s desesperant.<\/p>\n<p>En moments dif\u00edcils, quan les preocupacions t\u2019absorbeixen les energies, \u00e9s quan has de tenir el cap m\u00e9s clar, agafar forces i ser capa\u00e7 de demanar ajuda. Un amic de la fam\u00edlia, em va recomanar l\u2019empresa\u00a0 de consultoria de Recursos Humans D&amp;M. <strong>Posar-me a les seves mans, va ser el millor consell que em va poder donar<\/strong>. En tan sols un mes, despr\u00e8s d\u2019haver realitzat els tests i avaluacions corresponents, d\u2019haver-me orientat i donat les eines necess\u00e0ries per assolir els meus objectius, he trobat per el meu compte, el projecte de la meva vida en el sector que desitjava, gr\u00e0cies a la seva ajuda i motivaci\u00f3.<\/p>\n<p><strong>D&amp;M, no \u00e9s una empresa m\u00e9s d\u2019aquest sector, \u00e9s una empresa on la part humana \u00e9s molt important. Una empresa molt \u00a0propera on les persones som valorades i escoltades en tots els sentits, i aix\u00f2 fa que la confian\u00e7a i seguretat d\u2019un mateix torni a ressorgir per aconseguir els objectius desitjats.<\/strong><\/p>\n<p>Espero ser capa\u00e7 de transmetre el meu entusiasme a tots aquells amb qui a partir d\u2019ara em relacioni a nivell professional.<\/p>\n<p><strong>Agraeixo a l\u2019empresa D&amp;M per estar al meu costat en tot aquest proc\u00e9s<\/strong>. <strong>Gr\u00e0cies per ser-hi, D\u00eddac.<\/strong><\/p>\n<p><strong>Cristina Aguil\u00e0 Usart<\/strong><\/p>\n<p>Graduada en Dise\u00f1o Gr\u00e1fico (ELISAVA-UPF)<br \/>\nDiplomada en Animaci\u00f3n Digital y Video Multimedia (Universidad La Salle-URL)<br \/>\n[\/et_pb_team_member][et_pb_divider color=&#8221;#c6c6c6&#8243; disabled_on=&#8221;on|on|off&#8221; admin_label=&#8221;Separador&#8221; _builder_version=&#8221;4.16&#8243; hide_on_mobile=&#8221;on&#8221; global_colors_info=&#8221;{}&#8221;][\/et_pb_divider][et_pb_team_member name=&#8221;Aaron Oliveres Gili&#8221; admin_label=&#8221;Persona&#8221; _builder_version=&#8221;4.16&#8243; header_text_color=&#8221;#c60000&#8243; header_line_height=&#8221;2.6em&#8221; background_size=&#8221;initial&#8221; background_position=&#8221;top_left&#8221; background_repeat=&#8221;repeat&#8221; custom_padding=&#8221;20px|20px|20px|20px&#8221; use_border_color=&#8221;off&#8221; border_color=&#8221;#b5b5b5&#8243; border_style=&#8221;solid&#8221; global_colors_info=&#8221;{}&#8221;]<img loading=\"lazy\" decoding=\"async\" class=\" wp-image-573 alignleft\" src=\"http:\/\/dmasesores.com\/wp-content\/uploads\/2017\/04\/CE_aaron_oliveres.jpg\" alt=\"\" width=\"88\" height=\"112\" \/>El servicio de Coaching\u00a0&amp;\u00a0Mentoring\u00a0de Carrera Profesional\u00a0de D&amp;M <strong>me ha ayudado much\u00edsimo a encontrar mi actual trabajo como Director de Marketing<\/strong>.<\/p>\n<p>La <strong>metodolog\u00eda y profesionalidad<\/strong> <strong>del proceso de orientaci\u00f3n me ha permitido valorar adecuadamente mis habilidades y capacidades<\/strong> para focalizar mis esfuerzos en la b\u00fasqueda de trabajos que tengan un mayor equilibrio entre mi experiencia, su salida profesional, mis gustos y en los que desarrollar mejor mis competencias.<\/p>\n<p><strong>Aaron Oliveres Gili<\/strong><\/p>\n<p>M\u00e1ster en Direcci\u00f3n Comercial y Marketing (EUNCET)<br \/>\nDiplomado en Ciencias Empresariales (UPC)<br \/>\n[\/et_pb_team_member][et_pb_divider color=&#8221;#c6c6c6&#8243; disabled_on=&#8221;on|on|off&#8221; admin_label=&#8221;Separador&#8221; _builder_version=&#8221;4.16&#8243; hide_on_mobile=&#8221;on&#8221; global_colors_info=&#8221;{}&#8221;][\/et_pb_divider][et_pb_team_member name=&#8221;Mauricio Peralta Tol\u00f3s&#8221; admin_label=&#8221;Persona&#8221; _builder_version=&#8221;4.16&#8243; header_text_color=&#8221;#c60000&#8243; header_line_height=&#8221;2.6em&#8221; background_size=&#8221;initial&#8221; background_position=&#8221;top_left&#8221; background_repeat=&#8221;repeat&#8221; custom_padding=&#8221;20px|20px|20px|20px&#8221; use_border_color=&#8221;off&#8221; border_color=&#8221;#b5b5b5&#8243; border_style=&#8221;solid&#8221; global_colors_info=&#8221;{}&#8221;]<img loading=\"lazy\" decoding=\"async\" class=\" wp-image-572 alignleft\" src=\"http:\/\/dmasesores.com\/wp-content\/uploads\/2017\/04\/CE_maurici_peralta.jpg\" alt=\"\" width=\"78\" height=\"99\" \/>Realizar el \u201c Programa de Coaching\u00a0&amp; Mentoring\u00a0de Carrera Profesional con\u00a0D&amp;M\u201d <strong>fue la mejor opci\u00f3n para rentabilizar todo el esfuerzo de estudiar durante dos a\u00f1os un Executive MBA.<\/strong><br \/>\nEn mi caso, hace ya 8 a\u00f1os, me sirvi\u00f3 para que <strong>me aconsejaran objetivamente<\/strong> sobre mis capacidades, mis aptitudes y cu\u00e1l deb\u00eda ser la evoluci\u00f3n de mi carrera profesional. <strong>En pocos meses<\/strong> me ofrecieron incorporarme en una exitosa empresa del sector sanitario de la que <strong>actualmente soy el Director General<\/strong>, con un gran proyecto de futuro que satisface todas mis expectativas profesionales.<\/p>\n<p><strong>Mauricio Peralta Tol\u00f3s<\/strong><\/p>\n<p>Ingeniero T\u00e9cnico Industrial (UPC)<br \/>\nMBA\u00a0 (EADA)<br \/>\n[\/et_pb_team_member][et_pb_divider color=&#8221;#c6c6c6&#8243; disabled_on=&#8221;on|on|off&#8221; admin_label=&#8221;Separador&#8221; _builder_version=&#8221;4.16&#8243; hide_on_mobile=&#8221;on&#8221; global_colors_info=&#8221;{}&#8221;][\/et_pb_divider][et_pb_team_member name=&#8221;Miquel Armengol Sucarrats&#8221; admin_label=&#8221;Persona&#8221; _builder_version=&#8221;4.16&#8243; header_text_color=&#8221;#c60000&#8243; header_line_height=&#8221;2.6em&#8221; background_size=&#8221;initial&#8221; background_position=&#8221;top_left&#8221; background_repeat=&#8221;repeat&#8221; custom_padding=&#8221;20px|20px|20px|20px&#8221; use_border_color=&#8221;off&#8221; border_color=&#8221;#b5b5b5&#8243; border_style=&#8221;solid&#8221; global_colors_info=&#8221;{}&#8221;]<img loading=\"lazy\" decoding=\"async\" class=\" wp-image-588 alignleft\" src=\"http:\/\/dmasesores.com\/wp-content\/uploads\/2017\/04\/CE_miquel_armengol.jpg\" alt=\"\" width=\"76\" height=\"97\" \/>En 2001 contrat\u00e9 el Programa de Coaching\u00a0&amp; Mentoring\u00a0de Carrera Profesional por referencias de un amigo. <strong>Desde entonces he tenido en D&amp;M el partner ideal a la hora de buscar la empresa que mejor se adapte a mis caracter\u00edsticas y en D\u00eddac Gaud\u00f3 un amigo ideal.<\/strong><br \/>\n<strong>Nuestra colaboraci\u00f3n ha sido muy rentable en el terreno econ\u00f3mico-profesional y en el personal, tanto para nosotros como para las empresas con las que hemos colaborado. Sigo recomendando el Programa a la gente que importa.<\/strong><\/p>\n<p><strong>Miquel Armengol Sucarrats<\/strong><\/p>\n<p>PDG (IESE). M\u00e1ster en Direcci\u00f3n Comercial-Marketing (EUNCET).\u00a0 Ddo. Empresariales. UPC.<br \/>\n[\/et_pb_team_member][et_pb_divider color=&#8221;#c6c6c6&#8243; disabled_on=&#8221;on|on|off&#8221; admin_label=&#8221;Separador&#8221; _builder_version=&#8221;4.16&#8243; hide_on_mobile=&#8221;on&#8221; global_colors_info=&#8221;{}&#8221;][\/et_pb_divider][et_pb_team_member name=&#8221;Vicenta Calpe Rold\u00e1n&#8221; admin_label=&#8221;Persona&#8221; _builder_version=&#8221;4.16&#8243; header_text_color=&#8221;#c60000&#8243; header_line_height=&#8221;2.6em&#8221; background_size=&#8221;initial&#8221; background_position=&#8221;top_left&#8221; background_repeat=&#8221;repeat&#8221; custom_padding=&#8221;20px|20px|20px|20px&#8221; use_border_color=&#8221;off&#8221; border_color=&#8221;#b5b5b5&#8243; border_style=&#8221;solid&#8221; global_colors_info=&#8221;{}&#8221;]<strong><img loading=\"lazy\" decoding=\"async\" class=\" wp-image-590 alignleft\" src=\"http:\/\/dmasesores.com\/wp-content\/uploads\/2017\/04\/CE_vicenta_calpe.jpg\" alt=\"\" width=\"76\" height=\"97\" \/>En 1996 contrat\u00e9 los\u00a0servicios de Coaching\u00a0&amp; Mentoring\u00a0de Carrera Profesional. Para m\u00ed ha sido una herramienta fundamental en el desarrollo de mi carrera.<\/strong><\/p>\n<p><strong>D&amp;M no es simplemente una empresa de selecci\u00f3n<\/strong>, te ofrecen tu trato muy pr\u00f3ximo y profesional.<\/p>\n<p><strong>No dudo en recomendar D&amp;M<\/strong> a todas aquellas personas que est\u00e9n buscando nuevas oportunidades laborales, pero especialmente a todos aquellos que deseen crecer profesionalmente.<\/p>\n<p><strong>Vicenta Calpe Rold\u00e1n<\/strong><br \/>\nDirecci\u00f3n Financiera (EADA). Lda. Ciencias Econ\u00f3micas (UAB)<br \/>\n[\/et_pb_team_member][\/et_pb_column][et_pb_column type=&#8221;1_2&#8243; _builder_version=&#8221;4.16&#8243; custom_padding=&#8221;|||&#8221; global_colors_info=&#8221;{}&#8221; custom_padding__hover=&#8221;|||&#8221;][et_pb_team_member name=&#8221;Francisco Lu\u00eds Franco Iglesias&#8221; admin_label=&#8221;Persona&#8221; _builder_version=&#8221;4.16&#8243; header_text_color=&#8221;#c60000&#8243; header_line_height=&#8221;2.6em&#8221; background_size=&#8221;initial&#8221; background_position=&#8221;top_left&#8221; background_repeat=&#8221;repeat&#8221; custom_padding=&#8221;20px|20px|20px|20px&#8221; use_border_color=&#8221;off&#8221; border_color=&#8221;#b5b5b5&#8243; border_style=&#8221;solid&#8221; global_colors_info=&#8221;{}&#8221;]<img loading=\"lazy\" decoding=\"async\" class=\" wp-image-570 alignleft\" src=\"http:\/\/dmasesores.com\/wp-content\/uploads\/2017\/04\/foto-paco-franco_peque.jpg\" alt=\"\" width=\"88\" height=\"104\" \/>Mi primer contacto con D&amp;M fue a mediados de los noventa, y desde ese momento <strong>me han acompa\u00f1ado en todo lo relacionado con\u00a0el desarrollo de mi\u00a0carrera \u00a0y\u00a0con cualquier cambio de orientaci\u00f3n profesional<\/strong>. En ning\u00fan momento me he encontrado solo y el resultado ha sido siempre m\u00e1s que satisfactorio.<\/p>\n<p>Si algo tengo claro es que <strong>D&amp;M no es una \u201cempresa de selecci\u00f3n\u201d, va mucho m\u00e1s all\u00e1, orient\u00e1ndote y aconsej\u00e1ndote en todo momento lo que es m\u00e1s conveniente en tu caso.<\/strong><\/p>\n<p><strong>No dudo en recomendarlos, son garant\u00eda de \u00e9xito<\/strong>.<\/p>\n<p><strong>Francisco L. Franco Iglesias<\/strong><\/p>\n<p>M\u00e1ster en\u00a0Direcci\u00f3n de\u00a0Control de Gesti\u00f3n (EADA)<br \/>\nDiplomado en Direcci\u00f3n y Gesti\u00f3n Financiera (EAE)<br \/>\n[\/et_pb_team_member][et_pb_divider color=&#8221;#c6c6c6&#8243; disabled_on=&#8221;on|on|off&#8221; admin_label=&#8221;Separador&#8221; _builder_version=&#8221;4.16&#8243; hide_on_mobile=&#8221;on&#8221; global_colors_info=&#8221;{}&#8221;][\/et_pb_divider][et_pb_team_member name=&#8221;Esteve Rav\u00e9s Gussiny\u00e9&#8221; admin_label=&#8221;Persona&#8221; _builder_version=&#8221;4.16&#8243; header_text_color=&#8221;#c60000&#8243; header_line_height=&#8221;2.6em&#8221; background_size=&#8221;initial&#8221; background_position=&#8221;top_left&#8221; background_repeat=&#8221;repeat&#8221; custom_padding=&#8221;20px|20px|20px|20px&#8221; use_border_color=&#8221;off&#8221; border_color=&#8221;#b5b5b5&#8243; border_style=&#8221;solid&#8221; global_colors_info=&#8221;{}&#8221;]<img loading=\"lazy\" decoding=\"async\" class=\" wp-image-569 alignleft\" src=\"http:\/\/dmasesores.com\/wp-content\/uploads\/2017\/04\/esteve_raves.jpg\" alt=\"\" width=\"80\" height=\"111\" \/>En diciembre del 2012 contrat\u00e9 el Programa de Coaching\u00a0&amp;\u00a0Mentoring\u00a0de Carrera Profesional de D&amp;M Asesores consultores.<\/p>\n<p><strong>En tan s\u00f3lo un mes, tras realizar los analisis y evaluaciones correspondientes, me presentaron una alternativa profesional donde actualmente me siento plenamente realizado.<\/strong><\/p>\n<p><strong>La principal diferencia de D&amp;M\u00a0asesores consultores\u00a0con otras Consultor\u00edas de RR.HH. es\u00a0 su trato anal\u00edtico, exhaustivo, personalizado y muy humano que te ofrecen<\/strong>: <strong>Te sientes escuchado <\/strong>y percibes claramente su proactividad. En otras palabras, <strong>percibes que\u00a0tus motivaciones son las suyas<\/strong>.<\/p>\n<p>Desde entonces <strong>recomiendo\u00a0el\u00a0Programa de Coaching\u00a0&amp;\u00a0Mentoring\u00a0de Carrera\u00a0de D&amp;M a\u00a0todos aquellos\u00a0amigos que buscan o necesitan reorientar su carrera\u00a0profesional.<\/strong><\/p>\n<p><strong>Esteve Rav\u00e9s Gussiny\u00e9 <\/strong><\/p>\n<p>Licenciado C. Informaci\u00f3n (UAB)<br \/>\nDirecci\u00f3n de M\u00e1rketing (EADA)<br \/>\n[\/et_pb_team_member][et_pb_divider color=&#8221;#c6c6c6&#8243; disabled_on=&#8221;on|on|off&#8221; admin_label=&#8221;Separador&#8221; _builder_version=&#8221;4.16&#8243; hide_on_mobile=&#8221;on&#8221; global_colors_info=&#8221;{}&#8221;][\/et_pb_divider][et_pb_team_member name=&#8221;Ramon Roset Morera&#8221; admin_label=&#8221;Persona&#8221; _builder_version=&#8221;4.16&#8243; header_text_color=&#8221;#c60000&#8243; header_line_height=&#8221;2.6em&#8221; background_size=&#8221;initial&#8221; background_position=&#8221;top_left&#8221; background_repeat=&#8221;repeat&#8221; custom_padding=&#8221;20px|20px|20px|20px&#8221; use_border_color=&#8221;off&#8221; border_color=&#8221;#b5b5b5&#8243; border_style=&#8221;solid&#8221; global_colors_info=&#8221;{}&#8221;]<img loading=\"lazy\" decoding=\"async\" class=\" wp-image-585 alignleft\" src=\"http:\/\/dmasesores.com\/wp-content\/uploads\/2017\/04\/CE_ramon_roset.jpg\" alt=\"\" width=\"83\" height=\"106\" \/>En el a\u00f1o 2002 ten\u00eda necesidad de dar un salto cualitativo a mi carrera profesional. Para asegurar el \u00e9xito de este cambio me dirig\u00ed a D&amp;M y me somet\u00ed a su Programa de Coaching\u00a0&amp;\u00a0Mentoring\u00a0de Carrera Profesional.<\/p>\n<p>Despu\u00e9s de las correspondientes evaluaciones, elaboramos conjuntamente una estrategia para definir los pasos siguientes de mi carrera profesional.<\/p>\n<p>Poco tiempo despu\u00e9s alcanzaba el objetivo perseguido al materializarse el cambio deseado. <strong>Nuestra relaci\u00f3n, no termin\u00f3 ah\u00ed<\/strong>, sino que desde entonces, D&amp;M asesores consultores <strong>han realizado un seguimiento de mi carrera profesional y todos los procesos de cambio y mejora han sido tutelados por ellos<\/strong>. Visto desde la perspectiva temporal, <strong>puedo afirmar <\/strong>que realizar el Programa de\u00a0Coaching\u00a0&amp;\u00a0Mentoring\u00a0de Carrera Profesional\u00a0de D&amp;M asesores consultores, <strong>ha sido una de las mejores decisiones<\/strong> que he podido tomar en relaci\u00f3n con mi carrera profesional.<strong>Totalmente recomendable.<\/strong><\/p>\n<p><strong>Ramon Roset Morera<\/strong><\/p>\n<p>Profesor ESADE y UOC.<br \/>\nMBA (ESADE). Postgrado en Direcci\u00f3n de Sistemas de la Informaci\u00f3n (UPC).<br \/>\nLdo. Ciencias F\u00edsicas (UB).<br \/>\n[\/et_pb_team_member][et_pb_divider color=&#8221;#c6c6c6&#8243; disabled_on=&#8221;on|on|off&#8221; admin_label=&#8221;Separador&#8221; _builder_version=&#8221;4.16&#8243; hide_on_mobile=&#8221;on&#8221; global_colors_info=&#8221;{}&#8221;][\/et_pb_divider][et_pb_team_member name=&#8221;Miquel Cunill Corbera&#8221; admin_label=&#8221;Persona&#8221; _builder_version=&#8221;4.16&#8243; header_text_color=&#8221;#c60000&#8243; header_line_height=&#8221;2.6em&#8221; background_size=&#8221;initial&#8221; background_position=&#8221;top_left&#8221; background_repeat=&#8221;repeat&#8221; custom_padding=&#8221;20px|20px|20px|20px&#8221; use_border_color=&#8221;off&#8221; border_color=&#8221;#b5b5b5&#8243; border_style=&#8221;solid&#8221; global_colors_info=&#8221;{}&#8221;]<strong><img loading=\"lazy\" decoding=\"async\" class=\" wp-image-586 alignleft\" src=\"http:\/\/dmasesores.com\/wp-content\/uploads\/2017\/04\/CE_miquel_cunill.jpg\" alt=\"\" width=\"79\" height=\"100\" \/>En 1999 contrat\u00e9 los servicios<\/strong> de <strong>Coaching\u00a0&amp;\u00a0Mentoring\u00a0de Carrera Profesional<\/strong>, para mi han sido \u201cunos compa\u00f1eros de viaje imprescindibles\u201d para poder alcanzar mis objetivos y \u00e9xitos profesionales.<\/p>\n<p>Opino que D&amp;M <strong>es mucho m\u00e1s que una empresa de consultor\u00eda<\/strong> en RR.HH., <strong>son un equipo de profesionales con un alto nivel de compromiso y profesionalidad, que tienen como caracter\u00edstica diferencial la capacidad para detectar e interpretar los \u201cintangibles\u201d tanto de las personas como de las empresas.<\/strong><\/p>\n<p><strong>Despu\u00e9s de 13 a\u00f1os <\/strong>de relaci\u00f3n y colaboraci\u00f3n fruct\u00edfera con ellos, <strong>he recomendado a muchos amigos El Programa de Coaching\u00a0&amp;\u00a0Mentoring\u00a0de Carrera de D&amp;M y lo seguir\u00e9 haciendo.<\/strong><\/p>\n<p><strong>Miquel Cunill Corbera<\/strong><br \/>\nMBA. EADA.\u00a0Ddo. C.\u00a0Empresariales. EUNCET-UPC.<br \/>\n[\/et_pb_team_member][et_pb_divider color=&#8221;#c6c6c6&#8243; disabled_on=&#8221;on|on|off&#8221; admin_label=&#8221;Separador&#8221; _builder_version=&#8221;4.16&#8243; hide_on_mobile=&#8221;on&#8221; global_colors_info=&#8221;{}&#8221;][\/et_pb_divider][et_pb_team_member name=&#8221;Joan Sales Roig&#8221; admin_label=&#8221;Persona&#8221; _builder_version=&#8221;4.16&#8243; header_text_color=&#8221;#c60000&#8243; header_line_height=&#8221;2.6em&#8221; background_size=&#8221;initial&#8221; background_position=&#8221;top_left&#8221; background_repeat=&#8221;repeat&#8221; custom_padding=&#8221;20px|20px|20px|20px&#8221; use_border_color=&#8221;off&#8221; border_color=&#8221;#b5b5b5&#8243; border_style=&#8221;solid&#8221; global_colors_info=&#8221;{}&#8221;]<img loading=\"lazy\" decoding=\"async\" class=\" wp-image-591 alignleft\" src=\"http:\/\/dmasesores.com\/wp-content\/uploads\/2017\/04\/CE_joan_sales.jpg\" alt=\"\" width=\"79\" height=\"100\" \/>En el a\u00f1o 2004 me encontraba en la necesidad de realizar un cambio a mi carrera profesional y por recomendaci\u00f3n de un compa\u00f1ero realic\u00e9 el Programa de Coaching &amp; Mentoring de Carrera Profesional\u00a0en D&amp;M. El <strong>resultado en mi caso ha sido una relaci\u00f3n tan fruct\u00edfera como agradable que se ha traducido r\u00e1pidamente en resultados.<br \/>\nD&amp;M<\/strong> <strong>tiene en cuenta una gama de aspectos profesionales, personales, de valores, estilo de liderazgo, necesidades, intereses&#8230; mucho m\u00e1s amplia que otras empresas de selecci\u00f3n u orientaci\u00f3n de carrera profesional que conozco.<\/strong><\/p>\n<p>El profundo conocimiento que adquiere con su m\u00e9todo, tanto del candidato como de la empresa que busca cubrir una necesidad, consigue una sinton\u00eda entre ambos que va m\u00e1s all\u00e1 de lo que suele ser habitual. <strong>Totalmente recomendable<\/strong>.<\/p>\n<p><strong>Joan Sales Roig<\/strong><\/p>\n<p>Ldo. Ciencias Biol\u00f3gicas (UB)<br \/>\n[\/et_pb_team_member][\/et_pb_column][\/et_pb_row][\/et_pb_section][et_pb_section fb_built=&#8221;1&#8243; fullwidth=&#8221;on&#8221; admin_label=&#8221;Secci\u00f3n&#8221; _builder_version=&#8221;4.16&#8243; global_colors_info=&#8221;{}&#8221;][et_pb_fullwidth_image src=&#8221;http:\/\/dmasesores.com\/wp-content\/uploads\/2017\/04\/dmasesores_skyline_barcelona-1.png&#8221; admin_label=&#8221;Imagen de anchura completa&#8221; _builder_version=&#8221;4.16&#8243; use_border_color=&#8221;off&#8221; border_color=&#8221;#ffffff&#8221; border_style=&#8221;solid&#8221; animation=&#8221;off&#8221; global_colors_info=&#8221;{}&#8221;][\/et_pb_fullwidth_image][\/et_pb_section]<\/p>\n","protected":false},"excerpt":{"rendered":"<p>Avinguda Diagonal, 601, 8\u00aa Planta, 08028, Barcelonainfo@dmasesores.com | Tel. +34 646.483.187CASOS D&#8217;\u00c8XIT En mig d\u2019una crisi econ\u00f2mica desbocada, em vaig quedar sense feina. He passat un per\u00edode desorientada i una situaci\u00f3 d\u2019incertesa cada dia m\u00e9s desesperant. En moments dif\u00edcils, quan les preocupacions t\u2019absorbeixen les energies, \u00e9s quan has de tenir el cap m\u00e9s clar, agafar [&hellip;]<\/p>\n","protected":false},"author":1,"featured_media":0,"parent":0,"menu_order":0,"comment_status":"closed","ping_status":"closed","template":"","meta":{"_et_pb_use_builder":"on","_et_pb_old_content":"","_et_gb_content_width":"","footnotes":""},"class_list":["post-709","page","type-page","status-publish","hentry"],"_links":{"self":[{"href":"https:\/\/www.dmasesores.com\/ca\/wp-json\/wp\/v2\/pages\/709","targetHints":{"allow":["GET"]}}],"collection":[{"href":"https:\/\/www.dmasesores.com\/ca\/wp-json\/wp\/v2\/pages"}],"about":[{"href":"https:\/\/www.dmasesores.com\/ca\/wp-json\/wp\/v2\/types\/page"}],"author":[{"embeddable":true,"href":"https:\/\/www.dmasesores.com\/ca\/wp-json\/wp\/v2\/users\/1"}],"replies":[{"embeddable":true,"href":"https:\/\/www.dmasesores.com\/ca\/wp-json\/wp\/v2\/comments?post=709"}],"version-history":[{"count":4,"href":"https:\/\/www.dmasesores.com\/ca\/wp-json\/wp\/v2\/pages\/709\/revisions"}],"predecessor-version":[{"id":6419,"href":"https:\/\/www.dmasesores.com\/ca\/wp-json\/wp\/v2\/pages\/709\/revisions\/6419"}],"wp:attachment":[{"href":"https:\/\/www.dmasesores.com\/ca\/wp-json\/wp\/v2\/media?parent=709"}],"curies":[{"name":"wp","href":"https:\/\/api.w.org\/{rel}","templated":true}]}}